{"id":8,"date":"2015-01-02T00:58:22","date_gmt":"2015-01-01T23:58:22","guid":{"rendered":"http:\/\/parafia.zebrzydowice.eu\/?page_id=8"},"modified":"2026-09-05T21:49:29","modified_gmt":"2026-09-05T19:49:29","slug":"ogloszenia","status":"publish","type":"page","link":"http:\/\/parafia.zebrzydowice.eu\/?page_id=8","title":{"rendered":"Og\u0142oszenia Duszpasterskie"},"content":{"rendered":"\n<ol type=\"1\">\n<li>Dzi\u015b 23. niedziela zwyk\u0142a. Statystyki, ale r\u00f3wnie\u017c do\u015bwiadczenie dnia codziennego, pokazuj\u0105, \u017ce jednym z popularnych i modnych wsp\u00f3\u0142cze\u015bnie grzech\u00f3w jest obmowa. Tematem wiod\u0105cym s\u0105 ludzkie s\u0142abo\u015bci, b\u0142\u0119dy i grzechy. Wczytuj\u0105c si\u0119 uwa\u017cnie w tre\u015b\u0107 Ewangelii zauwa\u017cymy, \u017ce Pan Jezus nigdy nikogo nie obmawia\u0142. Je\u015bli zabiera\u0142 g\u0142os na temat ludzkich wad, zawsze czyni\u0142 to w formie upomnienia; upomina\u0142, ale nie obmawia\u0142. Nie mia\u0142 pretensji tyle do cz\u0142owieka, ale pi\u0119tnowa\u0142 z\u0142o, kt\u00f3re ten cz\u0142owiek pope\u0142nia\u0142. Nigdy nie pot\u0119pi\u0142 cz\u0142owieka, ale zdecydowanie wypowiada\u0142 si\u0119 nie akceptuj\u0105c ludzkiego grzechu. Obmowa a upomnienie to dwie r\u00f3\u017cne sprawy, a w\u0142a\u015bciwie dwie zasadniczo odmienne postawy wobec ludzkich s\u0142abo\u015bci. Obmowa zawsze jest znakiem braku mi\u0142o\u015bci oraz zamachem na opini\u0119 i dobre imi\u0119 cz\u0142owieka obmawianego. Smutne jest wi\u0119c to, \u017ce gotowych do obmawiania jest bardzo wielu, a jak trzeba kogo\u015b upomnie\u0107, to raczej o ch\u0119tnych trudno. Dzi\u015b tak\u017ce coroczna pielgrzymka ku czci \u015bw. Melchiora Grodzieckiego, prezbitera i m\u0119czennika. Pocz\u0105tek o godzinie 15:00 w cieszy\u0144skim ko\u015bciele \u015bw. Marii Magdaleny.<\/li>\n<\/ol>\n\n\n\n<p>2. Liturgiczne obchody tygodnia:<ul><li>w poniedzia\u0142ek, 7 wrze\u015bnia \u2013 wspomnienie \u015bw. Melchiora Grodzieckiego, prezbitera i m\u0119czennika,<\/li><\/ul><\/p>\n\n\n\n<p>we wtorek, 8 wrze\u015bnia \u2013 \u015bwi\u0119to Narodzenia Naj\u015bwi\u0119tszej Maryi Panny. We wtorek o godz. 16<sup>30<\/sup>\u00a0przy kaplicy na Dylowaniku zostanie odprawiona Msza \u015bwi\u0119ta w intencji mieszka\u0144c\u00f3w Dylowanika i okolicy.<\/p>\n\n\n\n<p>3. Rodzic\u00f3w dzieci klas III przygotowuj\u0105cych si\u0119 do I Komunii \u015awi\u0119tej zapraszamy na spotkanie w czwartek po wieczornej Mszy \u015bwi\u0119tej.<\/p>\n\n\n\n<p>4. M\u0142odzie\u017c klas VIII, kt\u00f3ra pragnie przygotowa\u0107 si\u0119 do bierzmowania wraz z rodzicami zapraszamy w pi\u0105tek o godzinie 18<sup>00<\/sup>\u00a0na Msz\u0119 \u015bwi\u0119t\u0105 i spotkanie.<\/p>\n\n\n\n<p>5. Akcj\u0119 Katolick\u0105 zapraszamy na spotkanie w czwartek po wieczornej Mszy \u015bwi\u0119tej na plebanii.<\/p>\n\n\n\n<p>6. B\u00f3g zap\u0142a\u0107 za sk\u0142adane ofiary.<\/p>\n\n\n\n<p>7. W przysz\u0142\u0105 niedziel\u0119 w naszej Parafii prze\u017cywa\u0107 b\u0119dziemy Dzie\u0144 Fatimski. Zapraszamy o godz. 19<sup>15<\/sup>\u00a0na Nabo\u017ce\u0144stwo Fatimskie, o godz. 20<sup>00<\/sup>\u00a0Msza \u015bwi\u0119ta, kt\u00f3r\u0105 zako\u0144czymy procesj\u0105 Fatimsk\u0105 wok\u00f3\u0142 ko\u015bcio\u0142a.<\/p>\n\n\n\n<p>8. Stowarzyszenie Mi\u0142o\u015bnik\u00f3w Tej Ziemi zaprasza na spotkanie z somelierami przypraw z firmy Zielnik. B\u0119dzie to okazja do poznania tajnik\u00f3w stosowania przypraw i zi\u00f3\u0142, ich zastosowania w kuchni i \u017cyciu codziennym. Na wszystkich czeka\u0107 b\u0119dzie dawka wiedzy, degustacja i okazja do nabycia przypraw, zi\u00f3\u0142 i suszonych owoc\u00f3w. Spotkanie odb\u0119dzie si\u0119 we wtorek, 8 wrze\u015bnia br. o godz. 17.00 w restauracji Dzika K\u0119pka w Marklowicach G\u00f3rnych. Wst\u0119p wolny.<\/p>\n","protected":false},"excerpt":{"rendered":"<p>2. Liturgiczne obchody tygodnia: w poniedzia\u0142ek, 7 wrze\u015bnia \u2013 wspomnienie \u015bw. Melchiora Grodzieckiego, prezbitera i m\u0119czennika, we wtorek, 8 wrze\u015bnia \u2013 \u015bwi\u0119to Narodzenia Naj\u015bwi\u0119tszej Maryi Panny. We wtorek o godz. 1630\u00a0przy kaplicy na Dylowaniku zostanie odprawiona Msza \u015bwi\u0119ta w intencji mieszka\u0144c\u00f3w Dylowanika i okolicy. 3. Rodzic\u00f3w dzieci klas III przygotowuj\u0105cych si\u0119 do I Komunii \u015awi\u0119tej &#8230; <span class=\"more\"><a class=\"more-link\" href=\"http:\/\/parafia.zebrzydowice.eu\/?page_id=8\">[czytaj dalej]<\/a><\/span><\/p>\n","protected":false},"author":1,"featured_media":0,"parent":0,"menu_order":-2,"comment_status":"closed","ping_status":"closed","template":"","meta":{"ngg_post_thumbnail":0},"_links":{"self":[{"href":"http:\/\/parafia.zebrzydowice.eu\/index.php?rest_route=\/wp\/v2\/pages\/8"}],"collection":[{"href":"http:\/\/parafia.zebrzydowice.eu\/index.php?rest_route=\/wp\/v2\/pages"}],"about":[{"href":"http:\/\/parafia.zebrzydowice.eu\/index.php?rest_route=\/wp\/v2\/types\/page"}],"author":[{"embeddable":true,"href":"http:\/\/parafia.zebrzydowice.eu\/index.php?rest_route=\/wp\/v2\/users\/1"}],"replies":[{"embeddable":true,"href":"http:\/\/parafia.zebrzydowice.eu\/index.php?rest_route=%2Fwp%2Fv2%2Fcomments&post=8"}],"version-history":[{"count":1039,"href":"http:\/\/parafia.zebrzydowice.eu\/index.php?rest_route=\/wp\/v2\/pages\/8\/revisions"}],"predecessor-version":[{"id":8926,"href":"http:\/\/parafia.zebrzydowice.eu\/index.php?rest_route=\/wp\/v2\/pages\/8\/revisions\/8926"}],"wp:attachment":[{"href":"http:\/\/parafia.zebrzydowice.eu\/index.php?rest_route=%2Fwp%2Fv2%2Fmedia&parent=8"}],"curies":[{"name":"wp","href":"https:\/\/api.w.org\/{rel}","templated":true}]}}