{"id":41,"date":"2014-10-22T22:02:52","date_gmt":"2014-10-22T20:02:52","guid":{"rendered":"http:\/\/parafia.zebrzydowice.eu\/?page_id=41"},"modified":"2025-12-18T16:11:40","modified_gmt":"2025-12-18T15:11:40","slug":"chrzty","status":"publish","type":"page","link":"http:\/\/parafia.zebrzydowice.eu\/?page_id=41","title":{"rendered":"Chrzty"},"content":{"rendered":"<p style=\"padding-left: 40px;\"><strong>SAKRAMENT CHRZTU PRZYJ\u0118LI<\/strong><\/p>\n<p>\u00a0 \u00a0 \u00a0 \u00a0 W roku 2025<\/p>\n<p>1. Leon Jacek Tomosz<\/p>\n<p>2. Piotr Dawid Percha\u0142a<\/p>\n<p>3. Wanesa Maria Neblik<\/p>\n<p>4. Miko\u0142aj Kacper Dawczyk<\/p>\n<p>5. Karol Tadeusz Wronka<\/p>\n<p>6. Nadia Anna Morawiec<\/p>\n<p>7. Liwia Martyna Chmiel<\/p>\n<p>8. Magdalena Milena \u017bywio\u0142<\/p>\n<p>9. Julia Katarzyna Budzi\u0144ska<\/p>\n<p>10. Barbara Anna Freihofer<\/p>\n<p>11. Leo Gabriel Bednarczyk<\/p>\n<p>12. Lucyna Helena Stojka<\/p>\n<p>13. Jan Henryk Adamek<\/p>\n<p>14. Filip Janusz Twardzik &#8211; \u0141\u00f3j<\/p>\n<p>15. Laura Nadia Kozie\u0142<\/p>\n<p>16. Nadia Klara Kozie\u0142<\/p>\n<p>17. Hanna Jadwiga Kopel<\/p>\n<p>18. Oliwier Andreczko<\/p>\n<p>19. Emilia Liliana Kocot<\/p>\n<p>20. Miko\u0142aj Mateusz Sojka<\/p>\n<p>21. Nikodem Bart\u0142omiej Wa\u0142ek<\/p>\n<p>22. Felicja Natalia Ga\u0142yga<\/p>\n<p style=\"padding-left: 40px;\"><strong>W roku 2024<\/strong><\/p>\n<ol>\n<li>Borys \u015aliwi\u0144ski<\/li>\n<li>Michalina Jadwiga Szlauer<\/li>\n<li>Jan Aleksander Prochal<\/li>\n<li>Milena Anna Lubszczyk<\/li>\n<li>Martyna Monika Miczek<\/li>\n<li>Jagoda Ka\u0142ka<\/li>\n<li>Iga Izabela Ledwo\u0144<\/li>\n<li>Alicja \u0141ucja Targosz<\/li>\n<li>Sara Urbaniak<\/li>\n<li>Andre Stanley Moniz<\/li>\n<li>Artur Jan Kami\u0144ski<\/li>\n<li>Artur \u0141ukasz Brachaczek<\/li>\n<li>Filip Artur Kopel<\/li>\n<li>Laura Maria W\u00f3jcikowska<\/li>\n<li>Pola R\u00f3\u017ca Gaszczyk<\/li>\n<li>Dominik Olszok<\/li>\n<li>Antoni Edward Bednarczyk<\/li>\n<li>Antoni Wojciech Kocio\u0142ek<\/li>\n<li>Wanda Agnieszka K\u0142yk<\/li>\n<li>Stanis\u0142aw Soko\u0142owski<\/li>\n<li>Alicja Helena Antolak<\/li>\n<li>Izabella Zofia Fia\u0142ek<\/li>\n<li>Amelia Kaja Kubecko<\/li>\n<li>Kajetan Hubert Mondel<\/li>\n<li>Przemys\u0142aw Sylwester Salamon<\/li>\n<\/ol>\n<p><strong>W roku 2023<\/strong><\/p>\n<ol>\n<li>Nikodem Tadeusz K\u0142ope\u0107<\/li>\n<li>Marek Cecot<\/li>\n<li>Igor Antoni Skura\u015b<\/li>\n<li>Maria Hiacynta Haratyk<\/li>\n<li>Zofia Jolanta Paluch<\/li>\n<li>Franciszek Janusz Zaniewicz &#8211; Ha\u0142gas<\/li>\n<li>Nela Hajnisz<\/li>\n<li>Agnieszka Anna Kowalczyk<\/li>\n<li>Franciszek Stanis\u0142aw Molenda<\/li>\n<li>Alicja Julia Dudzik<\/li>\n<li>Miko\u0142aj Krzysztof Morawiec<\/li>\n<li>Maksymilian Bart\u0142omiej Kabiesz<\/li>\n<li>Lara Zofia Moskwa<\/li>\n<li>Adrian Andrzej Machej<\/li>\n<li>Milena Elena Danilczuk<\/li>\n<li>Wiktoria Monika Landek<\/li>\n<li>Wiktor Marek Tamborowski<\/li>\n<li>Jakub Tymon Gocman<\/li>\n<li>Oliwia Wiktoria \u015aliwa<\/li>\n<li>Igor Filip Deska<\/li>\n<li>Zuzanna Zofia Solnicka<\/li>\n<li>Julia Iga Gruszczyk<\/li>\n<li>Marianna Beata G\u00f3rska<\/li>\n<li>Julia Edyta Frogowska<\/li>\n<li>Aleksander Natan G\u00f3rniak<\/li>\n<li>Pawe\u0142 Jakub W\u00f3jcikowski<\/li>\n<li>Ja\u015bmina Alina G\u00f3rna<\/li>\n<li>Tymoteusz Micha\u0142 Stojka<\/li>\n<li>Miko\u0142aj Henryk Janowski<\/li>\n<li>\u0141ukasz Foltyn<\/li>\n<li>Micha\u0142 Stanis\u0142aw Foltyn<\/li>\n<li>Wojciech Krystian Plaga<\/li>\n<li>Franciszek Stanis\u0142aw Cesarz<\/li>\n<li>Miko\u0142aj Kazimierz Poniedzia\u0142ek<\/li>\n<li>Maksymilian Rafa\u0142 Stryczek<\/li>\n<\/ol>\n<p><strong>W roku 2022<\/strong><\/p>\n<ol>\n<li>Bartosz Miko\u0142aj Prochal<\/li>\n<li>Wiktor Tomasz Wierzgo\u0144<\/li>\n<li>Kaja Pi\u0142atowska<\/li>\n<li>Helena Ko\u015bcielny<\/li>\n<li>Nadia Julia Wysocka<\/li>\n<li>Rafa\u0142 Kacper Plaga<\/li>\n<li>Maksymilian Pawe\u0142 Szlauer<\/li>\n<li>Joanna Ma\u017carska<\/li>\n<li>Leon Jakub Janowski<\/li>\n<li>Dominika Monika Kopiec<\/li>\n<li>Klara Zuzanna Zi\u00f3\u0142kowska<\/li>\n<li>Oskar Korneliusz Karpiel<\/li>\n<li>Bartosz Wiktor Mondel<\/li>\n<li>Micha\u0142 Olencki<\/li>\n<li>Ewa Katarzyna Steller<\/li>\n<li>Stanis\u0142aw Stefan Banach<\/li>\n<li>Pola Zofia Bia\u0142o\u0144czyk<\/li>\n<li>Oliwia \u0141agowska<\/li>\n<li>Zuzanna Kinga Orzech<\/li>\n<li>Oliwier Micha\u0142owski<\/li>\n<li>Wojciech Rafael Ba\u0142ys<\/li>\n<li>Klara Laura Kozie\u0142<\/li>\n<li>Maksymilian Mazurek<\/li>\n<li>Norbert Tymoteusz Morawiec<\/li>\n<li>Antonina Anna Kania<\/li>\n<li>Sonia Karina Sacha<\/li>\n<li>Jakub Szewczyk<\/li>\n<li>Szymon Piotr Owczarzy<\/li>\n<li>Wiktor Niksa<\/li>\n<li>Emilia Maria Pude\u0142ko<\/li>\n<li>Nikodem Franciszek Prokop<\/li>\n<li>Tobiasz Ireneusz Ga\u0142yga<\/li>\n<li>Kaja Liliana Wawro<\/li>\n<li>Iga Paulina Hajduk<\/li>\n<li>Alicja Zofia Pigu\u0142a<\/li>\n<li>El\u017cbieta Izabela Kie\u0142kowska<\/li>\n<li>Judyta Maria Malinowska<\/li>\n<li>Antoni J\u00f3zef Ignacek<\/li>\n<li>Szymon Kazimierz Drzyzga<\/li>\n<\/ol>\n<p><strong>W roku 2021<\/strong><\/p>\n<ol>\n<li>Franciszek Patryk Kozie\u0142<\/li>\n<li>Lena Rych\u0142y<\/li>\n<li>Aleksander Miko\u0142aj Nowok<\/li>\n<li>Oliwia Karolina Krzempek<\/li>\n<li>Jakub Pawe\u0142 Nawody\u0142o<\/li>\n<li>Mateusz Bart\u0142omiej Kabiesz<\/li>\n<li>Anna Maria \u0141osi\u0144ska<\/li>\n<li>Zofia Anna Malinowska<\/li>\n<li>Iga Weronika Kempczy\u0144ska<\/li>\n<li>Ma\u0142gorzata Gorol<\/li>\n<li>Rita Giza<\/li>\n<li>J\u00f3zef Daniel Banach<\/li>\n<li>Bartosz Remigiusz Ligocki<\/li>\n<li>Florian Ksawery Kurdelski<\/li>\n<li>Maria Anna Ulman<\/li>\n<li>Kaja Alicja Giercuszkiewicz<\/li>\n<li>Maria J\u00f3zefina Grudziecka<\/li>\n<li>Jakub Szymon \u015aliwa<\/li>\n<li>Szczepan Krystian K\u0142yk<\/li>\n<li>Remigiusz Pawe\u0142 Gach<\/li>\n<li>Bart\u0142omiej Marek Cie\u015blar<\/li>\n<li>Nina Ma\u0142gorzata Krentusz<\/li>\n<li>Krzysztof Sznajder<\/li>\n<li>Antoni J\u00f3zef Kucharczyk<\/li>\n<li>Klara Maria Kopiec<\/li>\n<li>\u0141ucja Helena \u015amiga<\/li>\n<li>Jan Pawe\u0142 Stojka<\/li>\n<li>Mi\u0142osz O\u015bliz\u0142o<\/li>\n<li>Szymon Maciej Stojka<\/li>\n<li>Piotr Adrian Kopiec<\/li>\n<li>Franciszek Grzegorz Por\u0119ba<\/li>\n<li>Jagoda Anna Wachtarczyk<\/li>\n<li>Filip Patryk Mika<\/li>\n<li>Alicja Mazurek<\/li>\n<li>Wojciech Marek Szewczyk<\/li>\n<li>Stanis\u0142aw Wilhelm Szopa<\/li>\n<li>Wojciech Marcin Fia\u0142ek<\/li>\n<li>Ksawery Dominik Gawlik<\/li>\n<li>Lilianna Maria Dawczyk<\/li>\n<li>Luis Stanis\u0142aw Temino Musio\u0142ek<\/li>\n<li>Antonio Musio\u0142ek Pieretti<\/li>\n<li>Piotr Jan Wysocki<\/li>\n<li>Martyna Marta Freihofer<\/li>\n<\/ol>\n<p><strong>W roku 2020<\/strong><\/p>\n<p><span style=\"font-family: 'times new roman', times, serif;\">\u00a01. Ignacy Adrian Ga\u0142yga<\/span><\/p>\n<p><span style=\"font-family: 'times new roman', times, serif;\">\u00a02. Zofia Maria Zieli\u0144ska<\/span><\/p>\n<p>3. Wiktoria Laura Kocot<\/p>\n<p>4. Tymoteusz Szymon K\u0142ope\u0107<\/p>\n<p>5. Wiktoria Julia Wierzgo\u0144<\/p>\n<p>6. Wojciech Kacper Pajor<\/p>\n<p>7. Zofia Maja Ku\u015b &#8211; Kolek<\/p>\n<p>8. Miko\u0142aj Bernard Tkaczyk<\/p>\n<p>9. Ma\u0142gorzata Weronika Mordel<\/p>\n<p>10. Ignacy Miko\u0142aj Szewczak<\/p>\n<p>11. Tomasz \u0141ukasz Targosz<\/p>\n<p>12. Natan Czes\u0142aw Woryna<\/p>\n<p>13. Zofia Anna Mazurek<\/p>\n<p>14. Martyna Mechelewska<\/p>\n<p>15. Wiktoria Brzezina<\/p>\n<p>16. Wiktoria Natalia Machej<\/p>\n<p>17. Antoni Jan Chmiel<\/p>\n<p>18. Maja \u0141ucja Konieczny<\/p>\n<p>19. Jakub S\u0142awomir K\u0142ope\u0107<\/p>\n<p>20. Michalina Janina Sobala<\/p>\n<p>21. Kamil Krzysztof Klocek<\/p>\n<p>22. Zuzanna Agnieszka Molenda<\/p>\n<p>23. Alicja Katarzyna Vogel<\/p>\n<p>24. Diana Amelia Karpiel<\/p>\n<p>25. Lena Maria Gabzdyl<\/p>\n<p>26. Natalia Mazur<\/p>\n<p>27. Micha\u0142 J\u00f3zef Kowalczyk<\/p>\n<p>28. Stanis\u0142aw \u0141ukasz Drzyzga<\/p>\n<p>29. Lena Maja Celary<\/p>\n<p>30. Gabriel Kacper \u017by\u0142a<\/p>\n<p>31. Zofia Maria Skura\u015b<\/p>\n<p>32. Micha\u0142 Jan Haratyk<\/p>\n<p>33. Filip Franciszek Hinczak<\/p>\n<p>34. Liliana Ewelina Orzech<\/p>\n<p>35. Adam Wojciech Machej<\/p>\n<p><strong>W roku 2019<\/strong><\/p>\n<ol>\n<li>Jagoda Kornelia Kosiba<\/li>\n<li>Karolina Maria Kopiec<\/li>\n<li>Dominik Tymoteusz \u017by\u0142a<\/li>\n<li>Kacper Czes\u0142aw Niemczak<\/li>\n<li>Aureliusz Artur Zaj\u0105c<\/li>\n<li>Nina Wiktoria Nowak<\/li>\n<li>Oliwia Nikola Korzuch<\/li>\n<li>Szymon Patryk Olejczyk<\/li>\n<li>Wojciech Dawid Graca<\/li>\n<li>Kornelia Nela Gocman<\/li>\n<li>Emilia Magdalena G\u00f3ra<\/li>\n<li>Filip Maksymilian Brychcy<\/li>\n<li>Zofia Wiktoria Majczak<\/li>\n<li>Agata El\u017cbieta Klimek<\/li>\n<li>Helena Zofia Sato\u0142a<\/li>\n<li>Antoni Stanis\u0142aw Czy\u017c<\/li>\n<li>Laura \u0141ucja Goik<\/li>\n<li>Maria Paulina \u0141osi\u0144ska<\/li>\n<li>Adam Dawid Siwek<\/li>\n<li>Hanna Lena Brychcy<\/li>\n<li>Lena Julia Szajter<\/li>\n<li>Lucian Maksymilian Klu\u017a<\/li>\n<li>Micha\u0142 Rados\u0142aw Bohucki<\/li>\n<li>Leonard S\u0142awomir Krentusz<\/li>\n<li>Paulina Monika Nawody\u0142o<\/li>\n<li>Piotr Bogdan Kurtyka<\/li>\n<li>Wiktoria Sara Kopel<\/li>\n<li>Adam Franciszek Pluta<\/li>\n<li>Lena Katarzyna Praszczyk<\/li>\n<li>Aurelia Patrycja S\u0142abo\u0144<\/li>\n<li>Nicola Kinga Karpiel<\/li>\n<li>Miko\u0142aj Jakub Adamek<\/li>\n<li>Zuzanna Agnieszka Helis<\/li>\n<li>Oliwia Teresa Chmiel<\/li>\n<li>Lilianna Patrycja Zaniewicz-Ha\u0142gas<\/li>\n<li>Leon Piotr Zaleski<\/li>\n<li>Bartosz Wojciech Bia\u0142o\u0144czyk<\/li>\n<li>Amelia Eliza Gach<\/li>\n<li>Matylda Gabriela Mencner<\/li>\n<li>Zuzanna Milena Bazgier<\/li>\n<li>Lena Patrycja Krupa<\/li>\n<li>Antoni Jan Pude\u0142ko<\/li>\n<li>Jagna Maria Kania<\/li>\n<li>Justyna Agnieszka Ignacek<\/li>\n<\/ol>\n<p><strong>W roku 2018<\/strong><\/p>\n<ol>\n<li>Miko\u0142aj W\u0142adys\u0142aw Kopica<\/li>\n<li>Antonina El\u017cbieta Trzos<\/li>\n<li>Mateusz Krzysztof Wardas<\/li>\n<li>Nikodem \u0141ukasz Rogowicz<\/li>\n<li>Wojciech Eryk Staniek<\/li>\n<li>Anita Musio\u0142ek Pieretti<\/li>\n<li>Maja Anna Wawro<\/li>\n<li>Micha\u0142 Tomasz \u017bbikowski<\/li>\n<li>Tymoteusz Eugeniusz Hajnisz<\/li>\n<li>Adam Piotr Fujcik<\/li>\n<li>Wiktor Alojzy Kopel<\/li>\n<li>Natalia Urszula Kaczor<\/li>\n<li>Zofia Katarzyna Chmiel<\/li>\n<li>Antoni Brachaczek<\/li>\n<li>Wojciech Piotr Sobczak<\/li>\n<li>Antoni Gruszczyk<\/li>\n<li>Pawe\u0142 Aleksander Wi\u015bniewski<\/li>\n<li>Krzysztof Piotr Czepczor<\/li>\n<li>Maja Halina Frogowska<\/li>\n<li>Filip Grygierek<\/li>\n<li>Anna Wies\u0142awa P\u0119ka\u0142a<\/li>\n<li>Wojciech Sambor Kusion<\/li>\n<li>Dawid Beniamin Kusion<\/li>\n<li>Karolina Anna Makarska<\/li>\n<li>Lena Zofia \u0141asocha<\/li>\n<li>Robert Antoni Kami\u0144ski<\/li>\n<li>Helena Maria Kania<\/li>\n<li>Antoni Jan \u015amiga<\/li>\n<li>Natalia Cecot<\/li>\n<li>Julia Katarzyna Mika<\/li>\n<li>Rafa\u0142 Robert Sprownik<\/li>\n<li>Mi\u0142osz S\u0142awomir Bednarczyk<\/li>\n<li>Amelia Ponikiewska<\/li>\n<li>Oskar Micha\u0142 Niwczyk<\/li>\n<li>Kacper Aleksander Wawrzyczek<\/li>\n<li>Oliwier Burda<\/li>\n<li>Mateusz Roman Szellner<\/li>\n<li>Martyna Maria Sta\u0144czyk<\/li>\n<li>Marek Kazimierz Chodacki<\/li>\n<li>Elena Anna Grzybek<\/li>\n<li>Nina Kinga Olma<\/li>\n<li>Miko\u0142aj Madecki<\/li>\n<li>Grzegorz Tomasz Holeksa<\/li>\n<li>Zuzanna Magdalena Ostrowska<\/li>\n<li>Nikodem Lucjan Kawik<\/li>\n<li>Adam Micha\u0142 Fia\u0142ek<\/li>\n<\/ol>\n<p><strong>W roku 2017<\/strong><\/p>\n<ol>\n<li>Szymon Olencki<\/li>\n<li>Rados\u0142aw Maksymilian\u00a0Szu\u015bcik<\/li>\n<li>Joanna Iwona Gola<\/li>\n<li>Lilianna Maria Piwowar<\/li>\n<li>Wiktoria Ma\u0142gorzata Zielonka<\/li>\n<li>Milena Charlotte Grimaux<\/li>\n<li>Amelia Natalia Machej<\/li>\n<li>Pawe\u0142 Piotr Kr\u0119tosz<\/li>\n<li>Katarzyna Zuzanna B\u0105kowska<\/li>\n<li>Nataniel Tymoteusz Elsner<\/li>\n<li>Oliwia Anna Dawidowicz<\/li>\n<li>Wojciech Krzysztof Je\u017cka<\/li>\n<li>Karol Tinc<\/li>\n<li>Krzysztof Andrzej Ignacek<\/li>\n<li>Zuzanna Weronika Janicka<\/li>\n<li>Aleksander Piotr Gawlik<\/li>\n<li>Martyna Stanis\u0142awa Duraj<\/li>\n<li>Kornelia Mol<\/li>\n<li>Jakub \u0141ukasz Burda<\/li>\n<li>Alicja Ptaszy\u0144ska<\/li>\n<li>Antonina Anna G\u00f3rska<\/li>\n<li>Kacper Antoni Jagie\u0142\u0142o<\/li>\n<li>Wiktoria Maria Ulman<\/li>\n<li>Micha\u0142 Tadeusz Chmiel<\/li>\n<li>Jakub \u0141ukasz \u0141yp<\/li>\n<li>Liliana Maria Klu\u017a<\/li>\n<li>Maria Antonina Mencner<\/li>\n<li>Jakub J\u00f3zef Standura<\/li>\n<li>Julia Oliwia Szczurek<\/li>\n<li>Zofia Maria Kania<\/li>\n<li>Adam Bartosz Materka<\/li>\n<li>Milena Irena Matuszczyk<\/li>\n<li>Zuzanna Izabela Szlauer<\/li>\n<li>Borys Pawe\u0142 Kowalski<\/li>\n<li>Micha\u0142 S\u0142awomir Skowron<\/li>\n<li>Andrzej Antoni Kowalczyk<\/li>\n<li>Wiktoria Nadia Dal<\/li>\n<li>Pawe\u0142 Micha\u0142 Bia\u0142o\u0144czyk<\/li>\n<li>Miko\u0142aj Jan Fidor<\/li>\n<li>Franek Micha\u0142 Delik<\/li>\n<li>Malwina Otylia Grim<\/li>\n<li>Jerzy Leon Ledniowski<\/li>\n<li>Weronika Oliwia Wierzgo\u0144<\/li>\n<li>Igor Rafa\u0142 Nowok<\/li>\n<li>Jagoda Magdalena Kempny<\/li>\n<li>Pawe\u0142 Bart\u0142omiej Kabiesz<\/li>\n<li>Bartosz Witold Wysocki<\/li>\n<li>Maksymilian Werecki<\/li>\n<li>Lena Daniela Wierzelewska<\/li>\n<li>Milena Maria K\u0142ope\u0107<\/li>\n<li>Piotr Emanuel Twardzik<\/li>\n<li>Miko\u0142aj Jacek Konieczny<\/li>\n<li>Jan Adam Stawarczyk<\/li>\n<li>Tola Joanna Wojtaszczyk<\/li>\n<li>Kacper Miko\u0142aj Dudek<\/li>\n<li>Emilia Marzena Biegun<\/li>\n<li>Joanna Karolina Foltyn<\/li>\n<li>Jan Pawe\u0142 Smo\u0142ka<\/li>\n<\/ol>\n<p><!--nextpage--><\/p>\n<p><strong>W roku 2016<\/strong><\/p>\n<ol>\n<li>Wiktoria Emilia Klimek<\/li>\n<li>Adrian Adam Zaj\u0105c<\/li>\n<li>Oliwia Piekarska<\/li>\n<li>Joanna Barbara Janas<\/li>\n<li>Lena Alicja \u0141ubowska<\/li>\n<li>Jakub Miko\u0142aj Pigu\u0142a<\/li>\n<li>Emilia Rita Kr\u0119tosz<\/li>\n<li>Sophie Marjorie Brereton<\/li>\n<li>Wiktor Miko\u0142aj Morcinek<\/li>\n<li>Lena Ma\u0142gorzata Pastuszka<\/li>\n<li>Natalia Magdalena Paluch<\/li>\n<li>Remigiusz Piotr Brychcy<\/li>\n<li>Amelia Wioletta Molenda<\/li>\n<li>Franciszek Dominik Niedziocha<\/li>\n<li>Amelia Liliana Szajter<\/li>\n<li>Emilia Sabina Niwczyk<\/li>\n<li>Aleksander Rudolf Kops<\/li>\n<li>Krzysztof Pawe\u0142 Krzempek<\/li>\n<li>Micha\u0142 Cecot<\/li>\n<li>Dominik Kazimierz Bury<\/li>\n<li>Mateusz Leon Bia\u0142o\u0144czyk<\/li>\n<li>Miko\u0142aj Henryk Ku\u015bmierczak<\/li>\n<li>Antonina Maria Kwiczala<\/li>\n<li>Jakub Krzysztof Poniedzia\u0142ek<\/li>\n<li>Aleksander Wojciech Tajner<\/li>\n<li>Maja Magdalena Wenglarzy<\/li>\n<li>Szymon Eugeniusz Puzo\u0144<\/li>\n<li>Tomasz Kacper Gocman<\/li>\n<li>Miko\u0142aj Piotr Lewandowski<\/li>\n<li>Kaja El\u017cbieta Wenglorz<\/li>\n<li>Jakub Bo\u017cek<\/li>\n<li>Nadia Zofia Tomica<\/li>\n<li>Tomasz Szymon Pajor<\/li>\n<li>Klaudia Julia Olejczyk<\/li>\n<li>Oskar Niksa<\/li>\n<li>Weronika Milena Chodacka<\/li>\n<li>Maja Justyna Tkaczyk<\/li>\n<li>Igor Grzegorz Serwotka<\/li>\n<li>Agata Anna Foltyn<\/li>\n<li>Gracjan Miko\u0142aj Fuhrmann<\/li>\n<li>Emily Zofia Janowska<\/li>\n<li>Rafa\u0142 Dobrogowski<\/li>\n<li>Maksymilian Pawe\u0142 Karpiel<\/li>\n<li>Jakub Brzezina<\/li>\n<li>Rafa\u0142 Tomasz Wasilewski<\/li>\n<li>Maja Katarzyna Klimosz<\/li>\n<li>Ma\u0142gorzata Hanna Bielska<\/li>\n<li>Patryk Jan Landek<\/li>\n<li>Aleksandra Anna Buryan<\/li>\n<li>Nadia Blanka Kuchejda<\/li>\n<li>Olga Karolina Kempczy\u0144ska<\/li>\n<\/ol>\n<p><!--nextpage--><\/p>\n<p><strong>W roku 2015<\/strong><\/p>\n<ol>\n<li>Monika Jessica Adamska<\/li>\n<li>Mateusz Jakub Czendlik<\/li>\n<li>Mi\u0142osz Jerzy \u015aliwa<\/li>\n<li>Hanna Kinga Jasnos<\/li>\n<li>Zuzanna Dorota Grim<\/li>\n<li>Maja Dominika Owczarzy<\/li>\n<li>Jakub Kilian Smo\u0142ka<\/li>\n<li>Jan Lapczyk<\/li>\n<li>Filip Mateusz Wawrzyczek<\/li>\n<li>Oliwier Mateusz Wawrzyczek<\/li>\n<li>Artur Marek Machej<\/li>\n<li>Marie Merieux<\/li>\n<li>Magdalena Jurga<\/li>\n<li>Emilia Wasilewska<\/li>\n<li>Adrian Kajura<\/li>\n<li>Stanis\u0142aw Tomasz Kowalczyk<\/li>\n<li>Dominik Krzysztof Czaja<\/li>\n<li>Martyna Marta Matuszczyk<\/li>\n<li>Kacper Szymon Tkaczyk<\/li>\n<li>Miko\u0142aj Jan Wachtarczyk<\/li>\n<li>Pawel Grzegorz Bugno<\/li>\n<li>Chloe Maria Yun<\/li>\n<li>Maja Anna Solnicka<\/li>\n<li>Rafa\u0142 Antoni W\u00f3jcik<\/li>\n<li>Franciszek Filip Sprownik<\/li>\n<li>Hanna Julia Gierczy\u0144ska<\/li>\n<li>Igor Karol Janicki<\/li>\n<li>Anna Renata Bohucka<\/li>\n<li>Tadeusz J\u00f3zef W\u00f3jcik<\/li>\n<li>Bianka Rita Parcha\u0144ska<\/li>\n<li>Hanna Marta Matuszek<\/li>\n<li>Milena Wejster<\/li>\n<li>Michalina Wejster<\/li>\n<li>Aneta Anna Kolek<\/li>\n<li>Alan Jan Cupek<\/li>\n<li>Bogdan Wiktor Berit<\/li>\n<li>Zuzanna Ma\u0142gorzata Sato\u0142a<\/li>\n<li>Wiktor Stanis\u0142aw Olewi\u0144ski \u2013 Brychcy<\/li>\n<li>Brunon Marcin Miczek<\/li>\n<li>Oliwier Gniewosz Dal<\/li>\n<li>Szymon Kamil Koco\u0144<\/li>\n<li>Klaudia Amelia Go\u0142ka<\/li>\n<li>Antonina Maria Kurzak<\/li>\n<li>Maja Zofia Oczad\u0142y<\/li>\n<li>Piotr J\u00f3zef Bochenek<\/li>\n<li>Kacper Grygierek<\/li>\n<li>Zofia Maria Biegun<\/li>\n<li>Antonia Agata Walak<\/li>\n<li>Zuzanna Izabela Zorychta<\/li>\n<li>Zofia Anna \u017bbikowska<\/li>\n<li>Zuzanna Nikola Han<\/li>\n<li>Filip Piotr Konieczny<\/li>\n<li>Franciszek Ma\u017carski<\/li>\n<\/ol>\n<p><!--nextpage--><\/p>\n<p>Chrzty z 2014 roku:<\/p>\n<ol>\n<li>Maksymilian Andrzej Materka<\/li>\n<li>Stanis\u0142aw Jan Foltyn<\/li>\n<li>Jacek Tomasz Wenglorz<\/li>\n<li>Zuzanna Barbara Sierpi\u0144ska<\/li>\n<li>Krzysztof Mateusz Kocio\u0142ek<\/li>\n<li>Remigiusz Andrzej W\u00f3jcikowski<\/li>\n<li>Karolina Anna Paluch<\/li>\n<li>Mateusz Edward Piotrowski<\/li>\n<li>Patrycjusz Dominik Kopel<\/li>\n<li>Dominik Jeskow<\/li>\n<li>Wiktor Oskar Pyrk<\/li>\n<li>Mateusz Micha\u0142 Dubnicki<\/li>\n<li>Julia Emilia Zieli\u0144ska<\/li>\n<li>Martyna Monika Moj<\/li>\n<li>B\u0142a\u017cej \u0141ukasz Gruszczyk<\/li>\n<li>Jakub Jan Ga\u0142uszka<\/li>\n<li>Piotr Pawe\u0142 Han<\/li>\n<li>Oliwia Magdalena Krzempek<\/li>\n<li>Natalia Pola Niwczyk<\/li>\n<li>Marta Julia Piwowar<\/li>\n<li>Anna Celina Szyma\u0144ska<\/li>\n<li>Ada Helena \u015al\u0119k<\/li>\n<li>B\u0142a\u017cej Brz\u00f3ska<\/li>\n<li>Agata Patrycja Machej<\/li>\n<li>Kornel Miron Kania<\/li>\n<li>Jakub Micha\u0142 Bury<\/li>\n<li>Kamila Aleksandra Benek<\/li>\n<li>Wojciech Tomasz Standura<\/li>\n<li>Daniel Mateusz Czepczor<\/li>\n<li>Zuzanna Wiktoria Wenglarzy<\/li>\n<li>Kamila Karolina Porwo\u0142<\/li>\n<li>Filip Jakub Ka\u0142u\u017ca<\/li>\n<li>Hanna Gra\u017cyna Tajner<\/li>\n<li>Jakub Jan Ziarnik<\/li>\n<li>Grzegorz Bartosz Gorol<\/li>\n<li>Roksana Anna Michnik<\/li>\n<li>Gurjacob Singh<\/li>\n<li>Maja Kinga Lose<\/li>\n<li>Tymon Tomasz Pala<\/li>\n<li>Patryk Jan Szymusik<\/li>\n<li>Karol Emanuel Giza<\/li>\n<li>Rados\u0142aw Jaros\u0142awski<\/li>\n<li>Wiktoria Oliwia Lachawiec<\/li>\n<li>Martyna Oliwia Stuchlik<\/li>\n<li>Filip Pawe\u0142 Marcol<\/li>\n<li>Oliwia Magdalena Urba\u015b<\/li>\n<li>Alan Dariusz Walica<\/li>\n<li>Milena Waler<\/li>\n<li>Wojciech Natan Kierszniak<\/li>\n<li>Julia Wioleta \u015aliwi\u0144ska<\/li>\n<li>Miko\u0142aj Bart\u0142omiej Kabiesz<\/li>\n<li>Liliana Kinga Szewczyk<\/li>\n<li>Jakub Antoni Antosik<\/li>\n<li>Mateusz Marcin Simka<\/li>\n<li>Jakub Maciej Simka<\/li>\n<\/ol>\n<p>Chrzest wprowadza cz\u0142owieka do wsp\u00f3lnoty wyznawc\u00f3w Chrystusa, tzn. do Ko\u015bcio\u0142a. Dzieje si\u0119 to przez zjednoczenie przyjmuj\u0105cego chrzest z Chrystusem. Zanurzenie (obmycie) w wodzie jest znakiem udzia\u0142u w zbawczej \u015bmierci i zmartwychwstaniu Pana, moc\u0105 kt\u00f3rego cz\u0142owiek umiera dla grzechu, a powstaje do nowego \u017cycia \u2013 \u017cycia dla Boga (por. Rz 6,1-14). Oczyszczony przez chrzest z grzechu pierworodnego i ze wszystkich grzech\u00f3w uczynkowych, b\u0119d\u0105c przez \u0142ask\u0119 dzieckiem Bo\u017cym, ma ochrzczony w ci\u0105gu ca\u0142ego \u017cycia przez swoje post\u0119powanie umiera\u0107 dla grzechu, by \u017cy\u0107 dla Boga w Chrystusie.<\/p>\n","protected":false},"excerpt":{"rendered":"<p>SAKRAMENT CHRZTU PRZYJ\u0118LI \u00a0 \u00a0 \u00a0 \u00a0 W roku 2025 1. Leon Jacek Tomosz 2. Piotr Dawid Percha\u0142a 3. Wanesa Maria Neblik 4. Miko\u0142aj Kacper Dawczyk 5. Karol Tadeusz Wronka 6. Nadia Anna Morawiec 7. Liwia Martyna Chmiel 8. Magdalena Milena \u017bywio\u0142 9. Julia Katarzyna Budzi\u0144ska 10. Barbara Anna Freihofer 11. Leo Gabriel Bednarczyk 12. &#8230; <span class=\"more\"><a class=\"more-link\" href=\"http:\/\/parafia.zebrzydowice.eu\/?page_id=41\">[czytaj dalej]<\/a><\/span><\/p>\n","protected":false},"author":3,"featured_media":0,"parent":0,"menu_order":0,"comment_status":"closed","ping_status":"closed","template":"","meta":{"ngg_post_thumbnail":0},"_links":{"self":[{"href":"http:\/\/parafia.zebrzydowice.eu\/index.php?rest_route=\/wp\/v2\/pages\/41"}],"collection":[{"href":"http:\/\/parafia.zebrzydowice.eu\/index.php?rest_route=\/wp\/v2\/pages"}],"about":[{"href":"http:\/\/parafia.zebrzydowice.eu\/index.php?rest_route=\/wp\/v2\/types\/page"}],"author":[{"embeddable":true,"href":"http:\/\/parafia.zebrzydowice.eu\/index.php?rest_route=\/wp\/v2\/users\/3"}],"replies":[{"embeddable":true,"href":"http:\/\/parafia.zebrzydowice.eu\/index.php?rest_route=%2Fwp%2Fv2%2Fcomments&post=41"}],"version-history":[{"count":268,"href":"http:\/\/parafia.zebrzydowice.eu\/index.php?rest_route=\/wp\/v2\/pages\/41\/revisions"}],"predecessor-version":[{"id":8609,"href":"http:\/\/parafia.zebrzydowice.eu\/index.php?rest_route=\/wp\/v2\/pages\/41\/revisions\/8609"}],"wp:attachment":[{"href":"http:\/\/parafia.zebrzydowice.eu\/index.php?rest_route=%2Fwp%2Fv2%2Fmedia&parent=41"}],"curies":[{"name":"wp","href":"https:\/\/api.w.org\/{rel}","templated":true}]}}